{"id":5466,"date":"2025-11-07T12:27:40","date_gmt":"2025-11-07T15:27:40","guid":{"rendered":"https:\/\/comfer-empreendimentos.com.br\/?page_id=5466"},"modified":"2025-11-19T11:12:38","modified_gmt":"2025-11-19T14:12:38","slug":"5466-2","status":"publish","type":"page","link":"https:\/\/comfer-empreendimentos.com.br\/index.php\/5466-2\/","title":{"rendered":"Landing Page"},"content":{"rendered":"<p>[et_pb_section fb_built=&#8221;1&#8243; disabled_on=&#8221;on|on|off&#8221; admin_label=&#8221;Hero&#8221; _builder_version=&#8221;4.24.2&#8243; background_color=&#8221;RGBA(255,255,255,0)&#8221; use_background_color_gradient=&#8221;on&#8221; background_color_gradient_type=&#8221;conic&#8221; background_color_gradient_direction_radial=&#8221;left&#8221; background_color_gradient_stops=&#8221;rgba(40,40,40,0.52) 0%|rgba(40,40,40,0.6) 10%|rgba(40, 40, 40, 0.81) 25%|rgba(40,40,40,0.87) 43%|rgba(40,40,40,0.59) 62%|rgba(40,40,40,0.64) 78%|rgba(40,40,40,0.7) 93%|rgba(40,40,40,0.71) 100%&#8221; background_color_gradient_overlays_image=&#8221;on&#8221; background_color_gradient_start=&#8221;rgba(40,40,40,0.79)&#8221; background_color_gradient_end=&#8221;rgba(40,40,40,0.86)&#8221; background_image=&#8221;https:\/\/comfer-empreendimentos.com.br\/wp-content\/uploads\/2025\/10\/20250226_165832-scaled.jpg&#8221; custom_margin=&#8221;0px|-39px||0px|false|false&#8221; custom_padding=&#8221;8vw||8vw|0px|true|false&#8221; global_colors_info=&#8221;{}&#8221;][et_pb_row column_structure=&#8221;1_3,1_3,1_3&#8243; use_custom_gutter=&#8221;on&#8221; gutter_width=&#8221;2&#8243; make_equal=&#8221;on&#8221; disabled_on=&#8221;on|on|off&#8221; _builder_version=&#8221;4.24.2&#8243; _module_preset=&#8221;default&#8221; width=&#8221;96.6%&#8221; max_width=&#8221;1286px&#8221; min_height=&#8221;401.5px&#8221; custom_margin=&#8221;|-446px||78px||&#8221; global_colors_info=&#8221;{}&#8221;][et_pb_column type=&#8221;1_3&#8243; _builder_version=&#8221;4.24.2&#8243; _module_preset=&#8221;default&#8221; global_colors_info=&#8221;{}&#8221;][et_pb_text _builder_version=&#8221;4.24.2&#8243; _module_preset=&#8221;default&#8221; text_font=&#8221;|600|||||||&#8221; text_text_color=&#8221;#FFFFFF&#8221; custom_margin=&#8221;49px|6px|-1px||false|false&#8221; custom_padding=&#8221;|0px||6px|false|false&#8221; global_colors_info=&#8221;{}&#8221;]<\/p>\n<p><span>+ de 30 anos contruindo hist\u00f3rias<\/span><\/p>\n<p>[\/et_pb_text][et_pb_heading title=&#8221;Transformando Espa\u00e7os com Estrutura Met\u00e1lica&#8221; _builder_version=&#8221;4.24.2&#8243; _module_preset=&#8221;default&#8221; title_font=&#8221;|700|||||||&#8221; title_text_color=&#8221;#E09900&#8243; title_font_size=&#8221;41px&#8221; background_color=&#8221;RGBA(255,255,255,0)&#8221; transform_translate=&#8221;-1px|-1px&#8221; width=&#8221;124.3%&#8221; custom_margin=&#8221;|-176px||||&#8221; custom_padding=&#8221;|0px||||&#8221; border_color_left=&#8221;#06069b&#8221; global_colors_info=&#8221;{}&#8221;][\/et_pb_heading][et_pb_text _builder_version=&#8221;4.24.2&#8243; _module_preset=&#8221;default&#8221; text_font=&#8221;|600|||||||&#8221; text_text_color=&#8221;#FFFFFF&#8221; text_font_size=&#8221;16px&#8221; text_line_height=&#8221;1.5em&#8221; transform_translate=&#8221;-1px|-1px&#8221; width=&#8221;124%&#8221; min_height=&#8221;100px&#8221; custom_margin=&#8221;|0px|||false|false&#8221; custom_padding=&#8221;0px|3px||7px|false|false&#8221; global_colors_info=&#8221;{}&#8221;]<\/p>\n<p>\u00a0Somos especialistas em projetos e execu\u00e7\u00e3o de obras com estruturas met\u00e1licas e constru\u00e7\u00e3o civil mista.<\/p>\n<p>\u00a0Preencha o formul\u00e1rio e nossa equipe t\u00e9cnica entrar\u00e1 em contato com voc\u00ea.<\/p>\n<p>[\/et_pb_text][\/et_pb_column][et_pb_column type=&#8221;1_3&#8243; _builder_version=&#8221;4.24.2&#8243; _module_preset=&#8221;default&#8221; global_colors_info=&#8221;{}&#8221;][\/et_pb_column][et_pb_column type=&#8221;1_3&#8243; _builder_version=&#8221;4.24.2&#8243; _module_preset=&#8221;default&#8221; custom_padding=&#8221;|0px||0px|false|false&#8221; border_radii=&#8221;off||||&#8221; global_colors_info=&#8221;{}&#8221;][et_pb_contact_form captcha=&#8221;off&#8221; email=&#8221;comfer.empresa@gmail.com&#8221; title=&#8221;Solicite um Or\u00e7amento&#8221; custom_message=&#8221;Novo or\u00e7amento recebido:||et_pb_line_break_holder||||et_pb_line_break_holder||Nome: %%Nome_Completo%%||et_pb_line_break_holder||Telefone: %%Telefone_com_WhatsApp%%||et_pb_line_break_holder||Tipo de Projeto: %%Tipo_de_projeto%%||et_pb_line_break_holder||Material em m\u00e3os: %%Selecione_o_que_voc\u00ea_tem_em_m\u00e3os_para_or\u00e7amento:%%||et_pb_line_break_holder||&#8221; use_redirect=&#8221;on&#8221; redirect_url=&#8221;https:\/\/comfer-empreendimentos.com.br\/index.php\/obrigado&#8221; admin_label=&#8221;Formulario de Contato&#8221; _builder_version=&#8221;4.24.2&#8243; _module_preset=&#8221;default&#8221; _unique_id=&#8221;393d1b19-3e29-4dc2-adc1-4de22e5c3140&#8243; form_field_background_color=&#8221;#E09900&#8243; form_field_text_color=&#8221;#000000&#8243; form_field_focus_background_color=&#8221;RGBA(255,255,255,0)&#8221; form_field_custom_margin=&#8221;|0px|||false|false&#8221; title_font=&#8221;|800|||||||&#8221; title_text_align=&#8221;center&#8221; title_text_color=&#8221;#FFFFFF&#8221; title_font_size=&#8221;33px&#8221; captcha_text_color=&#8221;#E09900&#8243; form_field_font=&#8221;|700|||||||&#8221; background_color=&#8221;RGBA(255,255,255,0)&#8221; custom_button=&#8221;on&#8221; button_text_size=&#8221;23px&#8221; button_text_color=&#8221;#000000&#8243; button_bg_color=&#8221;#FFFFFF&#8221; button_border_width=&#8221;0px&#8221; button_border_radius=&#8221;0px&#8221; button_letter_spacing=&#8221;0px&#8221; button_font=&#8221;||||||||&#8221; button_on_hover=&#8221;off&#8221; button_custom_margin=&#8221;7px||0px||false|false&#8221; button_custom_padding=&#8221;|168px||168px|false|true&#8221; text_orientation=&#8221;left&#8221; width=&#8221;100%&#8221; max_width=&#8221;113%&#8221; custom_margin=&#8221;|0px|||false|false&#8221; global_colors_info=&#8221;{}&#8221;][et_pb_contact_field field_id=&#8221;Nome_Completo&#8221; field_title=&#8221;Nome Completo&#8221; min_length=&#8221;3&#8243; max_length=&#8221;255&#8243; allowed_symbols=&#8221;letters&#8221; fullwidth_field=&#8221;on&#8221; _builder_version=&#8221;4.24.2&#8243; form_field_focus_background_color=&#8221;#E09900&#8243; form_field_focus_text_color=&#8221;#000000&#8243; custom_margin=&#8221;|-30px||0px|false|false&#8221; global_colors_info=&#8221;{}&#8221; button_text_size__hover_enabled=&#8221;off&#8221; button_one_text_size__hover_enabled=&#8221;off&#8221; button_two_text_size__hover_enabled=&#8221;off&#8221; button_text_color__hover_enabled=&#8221;off&#8221; button_one_text_color__hover_enabled=&#8221;off&#8221; button_two_text_color__hover_enabled=&#8221;off&#8221; button_border_width__hover_enabled=&#8221;off&#8221; button_one_border_width__hover_enabled=&#8221;off&#8221; button_two_border_width__hover_enabled=&#8221;off&#8221; button_border_color__hover_enabled=&#8221;off&#8221; button_one_border_color__hover_enabled=&#8221;off&#8221; button_two_border_color__hover_enabled=&#8221;off&#8221; button_border_radius__hover_enabled=&#8221;off&#8221; button_one_border_radius__hover_enabled=&#8221;off&#8221; button_two_border_radius__hover_enabled=&#8221;off&#8221; button_letter_spacing__hover_enabled=&#8221;off&#8221; button_one_letter_spacing__hover_enabled=&#8221;off&#8221; button_two_letter_spacing__hover_enabled=&#8221;off&#8221; button_bg_color__hover_enabled=&#8221;off&#8221; button_one_bg_color__hover_enabled=&#8221;off&#8221; button_two_bg_color__hover_enabled=&#8221;off&#8221;][\/et_pb_contact_field][et_pb_contact_field field_id=&#8221;Telefone_com_WhatsApp&#8221; field_title=&#8221;Telefone com WhatsApp&#8221; allowed_symbols=&#8221;numbers&#8221; fullwidth_field=&#8221;on&#8221; _builder_version=&#8221;4.24.2&#8243; _module_preset=&#8221;default&#8221; form_field_background_color=&#8221;#E09900&#8243; form_field_focus_background_color=&#8221;#E09900&#8243; form_field_focus_text_color=&#8221;#000000&#8243; custom_margin=&#8221;|-30px|||false|false&#8221; global_colors_info=&#8221;{}&#8221;][\/et_pb_contact_field][et_pb_contact_field field_id=&#8221;Tipo_de_projeto&#8221; field_title=&#8221;Tipo de projeto&#8221; field_type=&#8221;select&#8221; select_options=&#8221;%91{%22value%22:%22Galp\u00e3o met\u00e1lico%22,%22checked%22:0,%22dragID%22:-1},{%22value%22:%22Cobertura met\u00e1lica%22,%22checked%22:0,%22dragID%22:0},{%22value%22:%22Mezanino met\u00e1lico%22,%22checked%22:0,%22dragID%22:1},{%22value%22:%22Pr\u00e9dio Met\u00e1lico %22,%22checked%22:0,%22dragID%22:2},{%22value%22:%22Projeto t\u00e9cnico estrutural%22,%22checked%22:0,%22dragID%22:4},{%22value%22:%22Projeto sob medida%22,%22checked%22:0,%22dragID%22:3}%93&#8243; fullwidth_field=&#8221;on&#8221; _builder_version=&#8221;4.24.2&#8243; _module_preset=&#8221;default&#8221; form_field_focus_background_color=&#8221;#E09900&#8243; form_field_focus_text_color=&#8221;#000000&#8243; custom_margin=&#8221;|-30px|||false|false&#8221; global_colors_info=&#8221;{}&#8221;][\/et_pb_contact_field][et_pb_contact_field field_id=&#8221;Selecione_o_que_voc\u00ea_tem_em_m\u00e3os_para_or\u00e7amento:&#8221; field_title=&#8221;Selecione o que j\u00e1 tem em m\u00e3os&#8221; field_type=&#8221;select&#8221; select_options=&#8221;%91{%22value%22:%22Projeto Arquitet\u00f4nico%22,%22checked%22:0,%22dragID%22:-1},{%22value%22:%22Projeto Estrutural%22,%22checked%22:0,%22dragID%22:0},{%22value%22:%22Fotos ou Croqui da Obra%22,%22checked%22:0,%22dragID%22:1},{%22value%22:%22Ainda n\u00e3o tenho nenhum material%22,%22checked%22:0,%22dragID%22:2}%93&#8243; fullwidth_field=&#8221;on&#8221; _builder_version=&#8221;4.24.2&#8243; _module_preset=&#8221;default&#8221; form_field_focus_background_color=&#8221;#E09900&#8243; form_field_focus_text_color=&#8221;#000000&#8243; global_colors_info=&#8221;{}&#8221;][\/et_pb_contact_field][\/et_pb_contact_form][\/et_pb_column][\/et_pb_row][\/et_pb_section][et_pb_section fb_built=&#8221;1&#8243; disabled_on=&#8221;on|off|on&#8221; admin_label=&#8221;Hero&#8221; _builder_version=&#8221;4.24.2&#8243; background_color=&#8221;RGBA(255,255,255,0)&#8221; use_background_color_gradient=&#8221;on&#8221; background_color_gradient_type=&#8221;conic&#8221; background_color_gradient_direction_radial=&#8221;left&#8221; background_color_gradient_stops=&#8221;rgba(40,40,40,0.52) 0%|rgba(40,40,40,0.6) 10%|rgba(40, 40, 40, 0.81) 25%|rgba(40,40,40,0.87) 43%|rgba(40,40,40,0.59) 62%|rgba(40,40,40,0.64) 78%|rgba(40,40,40,0.7) 93%|rgba(40,40,40,0.71) 100%&#8221; background_color_gradient_overlays_image=&#8221;on&#8221; background_color_gradient_start=&#8221;rgba(40,40,40,0.79)&#8221; background_color_gradient_end=&#8221;rgba(40,40,40,0.86)&#8221; background_image=&#8221;https:\/\/comfer-empreendimentos.com.br\/wp-content\/uploads\/2025\/10\/20250226_165832-scaled.jpg&#8221; custom_margin=&#8221;0px|-39px||0px|false|false&#8221; custom_padding=&#8221;8vw||8vw|0px|true|false&#8221; global_colors_info=&#8221;{}&#8221;][et_pb_row column_structure=&#8221;1_3,1_3,1_3&#8243; use_custom_gutter=&#8221;on&#8221; gutter_width=&#8221;2&#8243; make_equal=&#8221;on&#8221; disabled_on=&#8221;off|off|off&#8221; _builder_version=&#8221;4.24.2&#8243; _module_preset=&#8221;default&#8221; transform_translate=&#8221;-58px|-49px&#8221; width=&#8221;96.6%&#8221; max_width=&#8221;1286px&#8221; min_height=&#8221;401.5px&#8221; custom_margin=&#8221;|-446px||78px||&#8221; global_colors_info=&#8221;{}&#8221;][et_pb_column type=&#8221;1_3&#8243; _builder_version=&#8221;4.24.2&#8243; _module_preset=&#8221;default&#8221; global_colors_info=&#8221;{}&#8221;][et_pb_text _builder_version=&#8221;4.24.2&#8243; _module_preset=&#8221;default&#8221; text_font=&#8221;|600|||||||&#8221; text_text_color=&#8221;#FFFFFF&#8221; transform_translate=&#8221;42px|10px&#8221; custom_margin=&#8221;49px|6px|-1px||false|false&#8221; custom_padding=&#8221;|0px||6px|false|false&#8221; global_colors_info=&#8221;{}&#8221;]<\/p>\n<p><span>+ de 30 anos contruindo hist\u00f3rias<\/span><\/p>\n<p>[\/et_pb_text][et_pb_heading title=&#8221;Transformando Espa\u00e7os com Estrutura Met\u00e1lica&#8221; _builder_version=&#8221;4.24.2&#8243; _module_preset=&#8221;default&#8221; title_font=&#8221;|700|||||||&#8221; title_text_color=&#8221;#E09900&#8243; title_font_size=&#8221;41px&#8221; background_color=&#8221;RGBA(255,255,255,0)&#8221; transform_scale=&#8221;80%|80%&#8221; transform_translate=&#8221;-76px|1px&#8221; width=&#8221;124.3%&#8221; custom_margin=&#8221;|-176px||||&#8221; custom_padding=&#8221;|0px||||&#8221; border_color_left=&#8221;#06069b&#8221; global_colors_info=&#8221;{}&#8221;][\/et_pb_heading][et_pb_text _builder_version=&#8221;4.24.2&#8243; _module_preset=&#8221;default&#8221; text_font=&#8221;|600|||||||&#8221; text_text_color=&#8221;#FFFFFF&#8221; text_font_size=&#8221;16px&#8221; text_line_height=&#8221;1.5em&#8221; transform_scale=&#8221;87%|87%&#8221; transform_translate=&#8221;-22px|-53px&#8221; width=&#8221;124%&#8221; min_height=&#8221;100px&#8221; custom_margin=&#8221;|0px|||false|false&#8221; custom_padding=&#8221;0px|3px||7px|false|false&#8221; global_colors_info=&#8221;{}&#8221;]<\/p>\n<p>Somos especialistas em projetos e execu\u00e7\u00e3o de obras com estruturas met\u00e1licas e constru\u00e7\u00e3o civil mista.<\/p>\n<p>Preencha o formul\u00e1rio e nossa equipe t\u00e9cnica entrar\u00e1 em contato com voc\u00ea.<\/p>\n<p>[\/et_pb_text][\/et_pb_column][et_pb_column type=&#8221;1_3&#8243; _builder_version=&#8221;4.24.2&#8243; _module_preset=&#8221;default&#8221; global_colors_info=&#8221;{}&#8221;][\/et_pb_column][et_pb_column type=&#8221;1_3&#8243; _builder_version=&#8221;4.24.2&#8243; _module_preset=&#8221;default&#8221; custom_padding=&#8221;|0px||0px|false|false&#8221; border_radii=&#8221;off||||&#8221; global_colors_info=&#8221;{}&#8221;][et_pb_contact_form captcha=&#8221;off&#8221; email=&#8221;comfer.empresa@gmail.com&#8221; title=&#8221;Solicite um Or\u00e7amento&#8221; custom_message=&#8221;Novo or\u00e7amento recebido:||et_pb_line_break_holder||||et_pb_line_break_holder||Nome: %%Nome_Completo%%||et_pb_line_break_holder||Telefone: %%Telefone_com_WhatsApp%%||et_pb_line_break_holder||Tipo de Projeto: %%Tipo_de_projeto%%||et_pb_line_break_holder||Material em m\u00e3os: %%Selecione_o_que_voc\u00ea_tem_em_m\u00e3os_para_or\u00e7amento:%%||et_pb_line_break_holder||&#8221; use_redirect=&#8221;on&#8221; redirect_url=&#8221;https:\/\/comfer-empreendimentos.com.br\/index.php\/obrigado&#8221; admin_label=&#8221;Formulario de Contato&#8221; _builder_version=&#8221;4.24.2&#8243; _module_preset=&#8221;default&#8221; _unique_id=&#8221;393d1b19-3e29-4dc2-adc1-4de22e5c3140&#8243; form_field_background_color=&#8221;#E09900&#8243; form_field_text_color=&#8221;#000000&#8243; form_field_focus_background_color=&#8221;RGBA(255,255,255,0)&#8221; form_field_custom_margin=&#8221;|0px|||false|false&#8221; title_font=&#8221;|800|||||||&#8221; title_text_align=&#8221;center&#8221; title_text_color=&#8221;#FFFFFF&#8221; title_font_size=&#8221;33px&#8221; captcha_text_color=&#8221;#E09900&#8243; form_field_font=&#8221;|700|||||||&#8221; background_color=&#8221;RGBA(255,255,255,0)&#8221; custom_button=&#8221;on&#8221; button_text_size=&#8221;23px&#8221; button_text_color=&#8221;#000000&#8243; button_bg_color=&#8221;#FFFFFF&#8221; button_border_width=&#8221;0px&#8221; button_border_radius=&#8221;0px&#8221; button_letter_spacing=&#8221;0px&#8221; button_font=&#8221;||||||||&#8221; button_on_hover=&#8221;off&#8221; button_custom_margin=&#8221;7px||0px||false|false&#8221; button_custom_padding=&#8221;|168px||168px|false|true&#8221; transform_scale=&#8221;90%|90%&#8221; transform_translate=&#8221;-44px|-25px&#8221; text_orientation=&#8221;left&#8221; width=&#8221;100%&#8221; max_width=&#8221;113%&#8221; min_height=&#8221;456px&#8221; custom_margin=&#8221;|0px|||false|false&#8221; custom_padding=&#8221;31px|||||&#8221; global_colors_info=&#8221;{}&#8221;][et_pb_contact_field field_id=&#8221;Nome_Completo&#8221; field_title=&#8221;Nome Completo&#8221; min_length=&#8221;3&#8243; max_length=&#8221;255&#8243; allowed_symbols=&#8221;letters&#8221; fullwidth_field=&#8221;on&#8221; _builder_version=&#8221;4.24.2&#8243; form_field_focus_background_color=&#8221;#E09900&#8243; form_field_focus_text_color=&#8221;#000000&#8243; custom_margin=&#8221;|-30px||0px|false|false&#8221; global_colors_info=&#8221;{}&#8221; button_text_size__hover_enabled=&#8221;off&#8221; button_one_text_size__hover_enabled=&#8221;off&#8221; button_two_text_size__hover_enabled=&#8221;off&#8221; button_text_color__hover_enabled=&#8221;off&#8221; button_one_text_color__hover_enabled=&#8221;off&#8221; button_two_text_color__hover_enabled=&#8221;off&#8221; button_border_width__hover_enabled=&#8221;off&#8221; button_one_border_width__hover_enabled=&#8221;off&#8221; button_two_border_width__hover_enabled=&#8221;off&#8221; button_border_color__hover_enabled=&#8221;off&#8221; button_one_border_color__hover_enabled=&#8221;off&#8221; button_two_border_color__hover_enabled=&#8221;off&#8221; button_border_radius__hover_enabled=&#8221;off&#8221; button_one_border_radius__hover_enabled=&#8221;off&#8221; button_two_border_radius__hover_enabled=&#8221;off&#8221; button_letter_spacing__hover_enabled=&#8221;off&#8221; button_one_letter_spacing__hover_enabled=&#8221;off&#8221; button_two_letter_spacing__hover_enabled=&#8221;off&#8221; button_bg_color__hover_enabled=&#8221;off&#8221; button_one_bg_color__hover_enabled=&#8221;off&#8221; button_two_bg_color__hover_enabled=&#8221;off&#8221;][\/et_pb_contact_field][et_pb_contact_field field_id=&#8221;Telefone_com_WhatsApp&#8221; field_title=&#8221;Telefone com WhatsApp&#8221; allowed_symbols=&#8221;numbers&#8221; fullwidth_field=&#8221;on&#8221; _builder_version=&#8221;4.24.2&#8243; _module_preset=&#8221;default&#8221; form_field_background_color=&#8221;#E09900&#8243; form_field_focus_background_color=&#8221;#E09900&#8243; form_field_focus_text_color=&#8221;#000000&#8243; custom_margin=&#8221;|-30px|||false|false&#8221; global_colors_info=&#8221;{}&#8221;][\/et_pb_contact_field][et_pb_contact_field field_id=&#8221;Tipo_de_projeto&#8221; field_title=&#8221;Tipo de projeto&#8221; field_type=&#8221;select&#8221; select_options=&#8221;%91{%22value%22:%22Galp\u00e3o met\u00e1lico%22,%22checked%22:0,%22dragID%22:-1},{%22value%22:%22Cobertura met\u00e1lica%22,%22checked%22:0,%22dragID%22:0},{%22value%22:%22Mezanino met\u00e1lico%22,%22checked%22:0,%22dragID%22:1},{%22value%22:%22Pr\u00e9dio Met\u00e1lico %22,%22checked%22:0,%22dragID%22:2},{%22value%22:%22Projeto t\u00e9cnico estrutural%22,%22checked%22:0,%22dragID%22:4},{%22value%22:%22Projeto sob medida%22,%22checked%22:0,%22dragID%22:3}%93&#8243; fullwidth_field=&#8221;on&#8221; _builder_version=&#8221;4.24.2&#8243; _module_preset=&#8221;default&#8221; form_field_focus_background_color=&#8221;#E09900&#8243; form_field_focus_text_color=&#8221;#000000&#8243; custom_margin=&#8221;|-30px|||false|false&#8221; global_colors_info=&#8221;{}&#8221;][\/et_pb_contact_field][et_pb_contact_field field_id=&#8221;Selecione_o_que_voc\u00ea_tem_em_m\u00e3os_para_or\u00e7amento:&#8221; field_title=&#8221;Selecione o que j\u00e1 tem em m\u00e3os&#8221; field_type=&#8221;select&#8221; select_options=&#8221;%91{%22value%22:%22Projeto Arquitet\u00f4nico%22,%22checked%22:0,%22dragID%22:-1},{%22value%22:%22Projeto Estrutural%22,%22checked%22:0,%22dragID%22:0},{%22value%22:%22Fotos ou Croqui da Obra%22,%22checked%22:0,%22dragID%22:1},{%22value%22:%22Ainda n\u00e3o tenho nenhum material%22,%22checked%22:0,%22dragID%22:2}%93&#8243; fullwidth_field=&#8221;on&#8221; _builder_version=&#8221;4.24.2&#8243; _module_preset=&#8221;default&#8221; form_field_focus_background_color=&#8221;#E09900&#8243; form_field_focus_text_color=&#8221;#000000&#8243; global_colors_info=&#8221;{}&#8221;][\/et_pb_contact_field][\/et_pb_contact_form][\/et_pb_column][\/et_pb_row][\/et_pb_section][et_pb_section fb_built=&#8221;1&#8243; disabled_on=&#8221;off|on|on&#8221; admin_label=&#8221;Hero&#8221; _builder_version=&#8221;4.24.2&#8243; background_color=&#8221;RGBA(255,255,255,0)&#8221; use_background_color_gradient=&#8221;on&#8221; background_color_gradient_type=&#8221;conic&#8221; background_color_gradient_direction_radial=&#8221;left&#8221; background_color_gradient_stops=&#8221;rgba(40,40,40,0.52) 0%|rgba(40,40,40,0.6) 10%|rgba(40, 40, 40, 0.81) 25%|rgba(40,40,40,0.87) 43%|rgba(40,40,40,0.59) 62%|rgba(40,40,40,0.64) 78%|rgba(40,40,40,0.7) 93%|rgba(40,40,40,0.71) 100%&#8221; background_color_gradient_overlays_image=&#8221;on&#8221; background_color_gradient_start=&#8221;rgba(40,40,40,0.79)&#8221; background_color_gradient_end=&#8221;rgba(40,40,40,0.86)&#8221; background_image=&#8221;https:\/\/comfer-empreendimentos.com.br\/wp-content\/uploads\/2025\/10\/20250226_165832-scaled.jpg&#8221; custom_margin=&#8221;0px|-61px||-21px|false|false&#8221; custom_padding=&#8221;8vw||8vw|0px|true|false&#8221; global_colors_info=&#8221;{}&#8221;][et_pb_row column_structure=&#8221;1_3,1_3,1_3&#8243; use_custom_gutter=&#8221;on&#8221; gutter_width=&#8221;2&#8243; make_equal=&#8221;on&#8221; disabled_on=&#8221;off|off|off&#8221; _builder_version=&#8221;4.24.2&#8243; _module_preset=&#8221;default&#8221; transform_scale=&#8221;78%|78%&#8221; transform_translate=&#8221;-93px|-49px&#8221; transform_translate_linked=&#8221;off&#8221; width=&#8221;96.6%&#8221; max_width=&#8221;1286px&#8221; min_height=&#8221;401.5px&#8221; custom_margin=&#8221;|-446px||78px||&#8221; global_colors_info=&#8221;{}&#8221;][et_pb_column type=&#8221;1_3&#8243; _builder_version=&#8221;4.24.2&#8243; _module_preset=&#8221;default&#8221; global_colors_info=&#8221;{}&#8221;][et_pb_text _builder_version=&#8221;4.24.2&#8243; _module_preset=&#8221;default&#8221; text_font=&#8221;|600|||||||&#8221; text_text_color=&#8221;#FFFFFF&#8221; transform_translate=&#8221;10px|6px&#8221; custom_margin=&#8221;49px|6px|-1px||false|false&#8221; custom_padding=&#8221;|0px||6px|false|false&#8221; global_colors_info=&#8221;{}&#8221;]<\/p>\n<p><span>+ de 30 anos contruindo hist\u00f3rias<\/span><\/p>\n<p>[\/et_pb_text][et_pb_heading title=&#8221;Transformando Espa\u00e7os com Estrutura Met\u00e1lica&#8221; _builder_version=&#8221;4.24.2&#8243; _module_preset=&#8221;default&#8221; title_font=&#8221;|700|||||||&#8221; title_text_color=&#8221;#E09900&#8243; title_font_size=&#8221;41px&#8221; background_color=&#8221;RGBA(255,255,255,0)&#8221; transform_scale=&#8221;80%|80%&#8221; transform_translate=&#8221;-96px|1px&#8221; width=&#8221;124.3%&#8221; custom_margin=&#8221;|-176px||||&#8221; custom_padding=&#8221;|0px||||&#8221; border_color_left=&#8221;#06069b&#8221; global_colors_info=&#8221;{}&#8221;][\/et_pb_heading][et_pb_text _builder_version=&#8221;4.24.2&#8243; _module_preset=&#8221;default&#8221; text_font=&#8221;|600|||||||&#8221; text_text_color=&#8221;#FFFFFF&#8221; text_font_size=&#8221;16px&#8221; text_line_height=&#8221;1.5em&#8221; transform_scale=&#8221;87%|87%&#8221; transform_translate=&#8221;-48px|-53px&#8221; width=&#8221;100%&#8221; min_height=&#8221;100px&#8221; custom_margin=&#8221;|0px|||false|false&#8221; custom_padding=&#8221;0px|3px||0px|false|false&#8221; global_colors_info=&#8221;{}&#8221;]<\/p>\n<p>Somos especialistas em projetos e execu\u00e7\u00e3o de obras com estruturas met\u00e1licas e constru\u00e7\u00e3o civil mista.<\/p>\n<p>Preencha o formul\u00e1rio e nossa equipe t\u00e9cnica entrar\u00e1 em contato com voc\u00ea.<\/p>\n<p>[\/et_pb_text][\/et_pb_column][et_pb_column type=&#8221;1_3&#8243; _builder_version=&#8221;4.24.2&#8243; _module_preset=&#8221;default&#8221; global_colors_info=&#8221;{}&#8221;][\/et_pb_column][et_pb_column type=&#8221;1_3&#8243; _builder_version=&#8221;4.24.2&#8243; _module_preset=&#8221;default&#8221; custom_padding=&#8221;|0px||0px|false|false&#8221; border_radii=&#8221;off||||&#8221; global_colors_info=&#8221;{}&#8221;][et_pb_contact_form captcha=&#8221;off&#8221; email=&#8221;comfer.empresa@gmail.com&#8221; title=&#8221;Solicite um Or\u00e7amento&#8221; custom_message=&#8221;Novo or\u00e7amento recebido:||et_pb_line_break_holder||||et_pb_line_break_holder||Nome: %%Nome_Completo%%||et_pb_line_break_holder||Telefone: %%Telefone_com_WhatsApp%%||et_pb_line_break_holder||Tipo de Projeto: %%Tipo_de_projeto%%||et_pb_line_break_holder||Material em m\u00e3os: %%Selecione_o_que_voc\u00ea_tem_em_m\u00e3os_para_or\u00e7amento:%%||et_pb_line_break_holder||&#8221; use_redirect=&#8221;on&#8221; redirect_url=&#8221;https:\/\/comfer-empreendimentos.com.br\/index.php\/obrigado&#8221; admin_label=&#8221;Formulario de Contato&#8221; _builder_version=&#8221;4.24.2&#8243; _module_preset=&#8221;default&#8221; _unique_id=&#8221;393d1b19-3e29-4dc2-adc1-4de22e5c3140&#8243; form_field_background_color=&#8221;#E09900&#8243; form_field_text_color=&#8221;#000000&#8243; form_field_focus_background_color=&#8221;RGBA(255,255,255,0)&#8221; form_field_custom_margin=&#8221;|0px|||false|false&#8221; title_font=&#8221;|800|||||||&#8221; title_text_align=&#8221;center&#8221; title_text_color=&#8221;#FFFFFF&#8221; title_font_size=&#8221;33px&#8221; captcha_text_color=&#8221;#E09900&#8243; form_field_font=&#8221;|700|||||||&#8221; background_color=&#8221;RGBA(255,255,255,0)&#8221; custom_button=&#8221;on&#8221; button_text_size=&#8221;23px&#8221; button_text_color=&#8221;#000000&#8243; button_bg_color=&#8221;#FFFFFF&#8221; button_border_width=&#8221;0px&#8221; button_border_radius=&#8221;0px&#8221; button_letter_spacing=&#8221;0px&#8221; button_font=&#8221;||||||||&#8221; button_on_hover=&#8221;off&#8221; button_custom_margin=&#8221;7px||0px||false|false&#8221; button_custom_padding=&#8221;|168px||168px|false|true&#8221; transform_scale=&#8221;85%|85%&#8221; transform_translate=&#8221;-33px|-22px&#8221; transform_translate_linked=&#8221;off&#8221; text_orientation=&#8221;left&#8221; width=&#8221;99.8%&#8221; max_width=&#8221;113%&#8221; min_height=&#8221;456px&#8221; custom_margin=&#8221;|0px||0px|false|false&#8221; custom_padding=&#8221;31px|0px||0px|false|false&#8221; global_colors_info=&#8221;{}&#8221;][et_pb_contact_field field_id=&#8221;Nome_Completo&#8221; field_title=&#8221;Nome Completo&#8221; min_length=&#8221;3&#8243; max_length=&#8221;255&#8243; allowed_symbols=&#8221;letters&#8221; fullwidth_field=&#8221;on&#8221; _builder_version=&#8221;4.24.2&#8243; form_field_focus_background_color=&#8221;#E09900&#8243; form_field_focus_text_color=&#8221;#000000&#8243; custom_margin=&#8221;|-30px||0px|false|false&#8221; global_colors_info=&#8221;{}&#8221; button_text_size__hover_enabled=&#8221;off&#8221; button_one_text_size__hover_enabled=&#8221;off&#8221; button_two_text_size__hover_enabled=&#8221;off&#8221; button_text_color__hover_enabled=&#8221;off&#8221; button_one_text_color__hover_enabled=&#8221;off&#8221; button_two_text_color__hover_enabled=&#8221;off&#8221; button_border_width__hover_enabled=&#8221;off&#8221; button_one_border_width__hover_enabled=&#8221;off&#8221; button_two_border_width__hover_enabled=&#8221;off&#8221; button_border_color__hover_enabled=&#8221;off&#8221; button_one_border_color__hover_enabled=&#8221;off&#8221; button_two_border_color__hover_enabled=&#8221;off&#8221; button_border_radius__hover_enabled=&#8221;off&#8221; button_one_border_radius__hover_enabled=&#8221;off&#8221; button_two_border_radius__hover_enabled=&#8221;off&#8221; button_letter_spacing__hover_enabled=&#8221;off&#8221; button_one_letter_spacing__hover_enabled=&#8221;off&#8221; button_two_letter_spacing__hover_enabled=&#8221;off&#8221; button_bg_color__hover_enabled=&#8221;off&#8221; button_one_bg_color__hover_enabled=&#8221;off&#8221; button_two_bg_color__hover_enabled=&#8221;off&#8221;][\/et_pb_contact_field][et_pb_contact_field field_id=&#8221;Telefone_com_WhatsApp&#8221; field_title=&#8221;Telefone com WhatsApp&#8221; allowed_symbols=&#8221;numbers&#8221; fullwidth_field=&#8221;on&#8221; _builder_version=&#8221;4.24.2&#8243; _module_preset=&#8221;default&#8221; form_field_background_color=&#8221;#E09900&#8243; form_field_focus_background_color=&#8221;#E09900&#8243; form_field_focus_text_color=&#8221;#000000&#8243; custom_margin=&#8221;|-30px|||false|false&#8221; global_colors_info=&#8221;{}&#8221;][\/et_pb_contact_field][et_pb_contact_field field_id=&#8221;Tipo_de_projeto&#8221; field_title=&#8221;Tipo de projeto&#8221; field_type=&#8221;select&#8221; select_options=&#8221;%91{%22value%22:%22Galp\u00e3o met\u00e1lico%22,%22checked%22:0,%22dragID%22:-1},{%22value%22:%22Cobertura met\u00e1lica%22,%22checked%22:0,%22dragID%22:0},{%22value%22:%22Mezanino met\u00e1lico%22,%22checked%22:0,%22dragID%22:1},{%22value%22:%22Pr\u00e9dio Met\u00e1lico %22,%22checked%22:0,%22dragID%22:2},{%22value%22:%22Projeto t\u00e9cnico estrutural%22,%22checked%22:0,%22dragID%22:4},{%22value%22:%22Projeto sob medida%22,%22checked%22:0,%22dragID%22:3}%93&#8243; fullwidth_field=&#8221;on&#8221; _builder_version=&#8221;4.24.2&#8243; _module_preset=&#8221;default&#8221; form_field_focus_background_color=&#8221;#E09900&#8243; form_field_focus_text_color=&#8221;#000000&#8243; custom_margin=&#8221;|-30px|||false|false&#8221; global_colors_info=&#8221;{}&#8221;][\/et_pb_contact_field][et_pb_contact_field field_id=&#8221;Selecione_o_que_voc\u00ea_tem_em_m\u00e3os_para_or\u00e7amento:&#8221; field_title=&#8221;Selecione o que j\u00e1 tem em m\u00e3os&#8221; field_type=&#8221;select&#8221; select_options=&#8221;%91{%22value%22:%22Projeto Arquitet\u00f4nico%22,%22checked%22:0,%22dragID%22:-1},{%22value%22:%22Projeto Estrutural%22,%22checked%22:0,%22dragID%22:0},{%22value%22:%22Fotos ou Croqui da Obra%22,%22checked%22:0,%22dragID%22:1},{%22value%22:%22Ainda n\u00e3o tenho nenhum material%22,%22checked%22:0,%22dragID%22:2}%93&#8243; fullwidth_field=&#8221;on&#8221; _builder_version=&#8221;4.24.2&#8243; _module_preset=&#8221;default&#8221; form_field_focus_background_color=&#8221;#E09900&#8243; form_field_focus_text_color=&#8221;#000000&#8243; global_colors_info=&#8221;{}&#8221;][\/et_pb_contact_field][\/et_pb_contact_form][\/et_pb_column][\/et_pb_row][\/et_pb_section][et_pb_section fb_built=&#8221;1&#8243; admin_label=&#8221; Get a Quote&#8221; _builder_version=&#8221;4.24.2&#8243; background_color=&#8221;RGBA(255,255,255,0)&#8221; use_background_color_gradient=&#8221;on&#8221; background_color_gradient_stops=&#8221;rgba(10,0,0,0.06) 0%|rgba(10,0,0,0.22) 99%&#8221; custom_padding=&#8221;37px||20px|||&#8221; animation_style=&#8221;slide&#8221; animation_direction=&#8221;top&#8221; animation_intensity_slide=&#8221;10%&#8221; box_shadow_style=&#8221;preset3&#8243; box_shadow_vertical=&#8221;10px&#8221; box_shadow_blur=&#8221;105px&#8221; box_shadow_spread=&#8221;0px&#8221; box_shadow_color=&#8221;rgba(0,0,0,0.12)&#8221; global_colors_info=&#8221;{}&#8221;][et_pb_row _builder_version=&#8221;4.24.2&#8243; _module_preset=&#8221;default&#8221; global_colors_info=&#8221;{}&#8221;][et_pb_column type=&#8221;4_4&#8243; _builder_version=&#8221;4.24.2&#8243; _module_preset=&#8221;default&#8221; global_colors_info=&#8221;{}&#8221;][et_pb_heading title=&#8221;CONHE\u00c7A NOSSOS SERVI\u00c7OS&#8221; _builder_version=&#8221;4.24.2&#8243; _module_preset=&#8221;default&#8221; title_font=&#8221;|800|||||||&#8221; title_text_align=&#8221;center&#8221; title_text_color=&#8221;#E09900&#8243; title_font_size=&#8221;38px&#8221; global_colors_info=&#8221;{}&#8221;][\/et_pb_heading][\/et_pb_column][\/et_pb_row][\/et_pb_section][et_pb_section fb_built=&#8221;1&#8243; theme_builder_area=&#8221;post_content&#8221; _builder_version=&#8221;4.24.2&#8243; _module_preset=&#8221;default&#8221; hover_enabled=&#8221;0&#8243; sticky_enabled=&#8221;0&#8243; disabled_on=&#8221;off|off|on&#8221;][et_pb_row _builder_version=&#8221;4.24.2&#8243; _module_preset=&#8221;default&#8221; column_structure=&#8221;2_5,3_5&#8243; theme_builder_area=&#8221;post_content&#8221;][et_pb_column _builder_version=&#8221;4.24.2&#8243; _module_preset=&#8221;default&#8221; type=&#8221;2_5&#8243; theme_builder_area=&#8221;post_content&#8221;][et_pb_gallery _builder_version=&#8221;4.24.2&#8243; _module_preset=&#8221;default&#8221; theme_builder_area=&#8221;post_content&#8221; posts_number=&#8221;1&#8243; hover_enabled=&#8221;0&#8243; sticky_enabled=&#8221;0&#8243; show_title_and_caption=&#8221;off&#8221; show_pagination=&#8221;off&#8221; gallery_ids=&#8221;5486&#8243;][\/et_pb_gallery][\/et_pb_column][et_pb_column _builder_version=&#8221;4.24.2&#8243; _module_preset=&#8221;default&#8221; type=&#8221;3_5&#8243; theme_builder_area=&#8221;post_content&#8221;][et_pb_heading title=&#8221;GALP\u00d5ES MET\u00c1LICOS SOB MEDIDA&#8221; _builder_version=&#8221;4.24.2&#8243; _module_preset=&#8221;default&#8221; theme_builder_area=&#8221;post_content&#8221; hover_enabled=&#8221;0&#8243; sticky_enabled=&#8221;0&#8243; title_text_align=&#8221;center&#8221; title_text_color=&#8221;#E09900&#8243; title_font=&#8221;|700|||||||&#8221;][\/et_pb_heading][et_pb_text _builder_version=&#8221;4.24.2&#8243; _module_preset=&#8221;default&#8221; theme_builder_area=&#8221;post_content&#8221; hover_enabled=&#8221;0&#8243; sticky_enabled=&#8221;0&#8243;]<\/p>\n<p><strong data-start=\"160\" data-end=\"253\">Projetamos, fabricamos e montamos galp\u00f5es met\u00e1licos personalizados para cada necessidade.<\/strong><br data-start=\"253\" data-end=\"256\" \/>Com agilidade, precis\u00e3o e qualidade t\u00e9cnica, entregamos estruturas resistentes e adaptadas ao seu espa\u00e7o, uso e prazo. Tudo com acompanhamento profissional em cada etapa.<\/p>\n<p>[\/et_pb_text][\/et_pb_column][\/et_pb_row][\/et_pb_section][et_pb_section fb_built=&#8221;1&#8243; theme_builder_area=&#8221;post_content&#8221; _builder_version=&#8221;4.24.2&#8243; _module_preset=&#8221;default&#8221; hover_enabled=&#8221;0&#8243; sticky_enabled=&#8221;0&#8243; disabled_on=&#8221;off|off|on&#8221; background_color=&#8221;#E09900&#8243;][et_pb_row _builder_version=&#8221;4.24.2&#8243; _module_preset=&#8221;default&#8221; column_structure=&#8221;2_5,3_5&#8243; theme_builder_area=&#8221;post_content&#8221;][et_pb_column _builder_version=&#8221;4.24.2&#8243; _module_preset=&#8221;default&#8221; type=&#8221;2_5&#8243; theme_builder_area=&#8221;post_content&#8221;][et_pb_gallery _builder_version=&#8221;4.24.2&#8243; _module_preset=&#8221;default&#8221; theme_builder_area=&#8221;post_content&#8221; posts_number=&#8221;1&#8243; hover_enabled=&#8221;0&#8243; sticky_enabled=&#8221;0&#8243; show_title_and_caption=&#8221;off&#8221; show_pagination=&#8221;off&#8221; gallery_ids=&#8221;5198&#8243;][\/et_pb_gallery][\/et_pb_column][et_pb_column _builder_version=&#8221;4.24.2&#8243; _module_preset=&#8221;default&#8221; type=&#8221;3_5&#8243; theme_builder_area=&#8221;post_content&#8221;][et_pb_heading title=&#8221;PR\u00c9DIOS MET\u00c1LICOS PERSONALIZADOS&#8221; _builder_version=&#8221;4.24.2&#8243; _module_preset=&#8221;default&#8221; theme_builder_area=&#8221;post_content&#8221; hover_enabled=&#8221;0&#8243; sticky_enabled=&#8221;0&#8243; title_text_align=&#8221;center&#8221; title_text_color=&#8221;#FFFFFF&#8221; title_font=&#8221;|700|||||||&#8221;][\/et_pb_heading][et_pb_text _builder_version=&#8221;4.24.2&#8243; _module_preset=&#8221;default&#8221; theme_builder_area=&#8221;post_content&#8221; hover_enabled=&#8221;0&#8243; sticky_enabled=&#8221;0&#8243; text_text_color=&#8221;#FFFFFF&#8221;]<\/p>\n<p><strong data-start=\"160\" data-end=\"253\">Tecnologia, rapidez e efici\u00eancia na constru\u00e7\u00e3o de edif\u00edcios em estrutura met\u00e1lica.<br data-start=\"281\" data-end=\"284\" \/><\/strong>Projetamos, fabricamos e executamos obras verticais sob medida, com estruturas otimizadas, montagem limpa e cronograma acelerado. Ideal para quem busca agilidade sem abrir m\u00e3o da qualidade e seguran\u00e7a.<\/p>\n<p>[\/et_pb_text][\/et_pb_column][\/et_pb_row][\/et_pb_section][et_pb_section fb_built=&#8221;1&#8243; theme_builder_area=&#8221;post_content&#8221; _builder_version=&#8221;4.24.2&#8243; _module_preset=&#8221;default&#8221; hover_enabled=&#8221;0&#8243; sticky_enabled=&#8221;0&#8243; disabled_on=&#8221;off|off|on&#8221;][et_pb_row _builder_version=&#8221;4.24.2&#8243; _module_preset=&#8221;default&#8221; column_structure=&#8221;2_5,3_5&#8243; theme_builder_area=&#8221;post_content&#8221;][et_pb_column _builder_version=&#8221;4.24.2&#8243; _module_preset=&#8221;default&#8221; type=&#8221;2_5&#8243; theme_builder_area=&#8221;post_content&#8221;][et_pb_gallery _builder_version=&#8221;4.24.2&#8243; _module_preset=&#8221;default&#8221; theme_builder_area=&#8221;post_content&#8221; posts_number=&#8221;1&#8243; hover_enabled=&#8221;0&#8243; sticky_enabled=&#8221;0&#8243; show_title_and_caption=&#8221;off&#8221; show_pagination=&#8221;off&#8221; gallery_ids=&#8221;5266&#8243;][\/et_pb_gallery][\/et_pb_column][et_pb_column _builder_version=&#8221;4.24.2&#8243; _module_preset=&#8221;default&#8221; type=&#8221;3_5&#8243; theme_builder_area=&#8221;post_content&#8221;][et_pb_heading title=&#8221;SOLU\u00c7\u00d5ES EM COBERTURAS MET\u00c1LICAS&#8221; _builder_version=&#8221;4.24.2&#8243; _module_preset=&#8221;default&#8221; theme_builder_area=&#8221;post_content&#8221; hover_enabled=&#8221;0&#8243; sticky_enabled=&#8221;0&#8243; title_text_align=&#8221;center&#8221; title_text_color=&#8221;#E09900&#8243; title_font=&#8221;|700|||||||&#8221;][\/et_pb_heading][et_pb_text _builder_version=&#8221;4.24.2&#8243; _module_preset=&#8221;default&#8221; theme_builder_area=&#8221;post_content&#8221; hover_enabled=&#8221;0&#8243; sticky_enabled=&#8221;0&#8243;]<\/p>\n<p><strong>Oferecemos solu\u00e7\u00f5es adaptadas ao seu espa\u00e7o com montagem r\u00e1pida, acabamento de qualidade e estrutura robusta para os mais diversos usos.<\/strong><\/p>\n<p>[\/et_pb_text][\/et_pb_column][\/et_pb_row][\/et_pb_section][et_pb_section fb_built=&#8221;1&#8243; theme_builder_area=&#8221;post_content&#8221; _builder_version=&#8221;4.24.2&#8243; _module_preset=&#8221;default&#8221; hover_enabled=&#8221;0&#8243; sticky_enabled=&#8221;0&#8243; disabled_on=&#8221;off|off|on&#8221; background_color=&#8221;#E09900&#8243;][et_pb_row _builder_version=&#8221;4.24.2&#8243; _module_preset=&#8221;default&#8221; column_structure=&#8221;2_5,3_5&#8243; theme_builder_area=&#8221;post_content&#8221;][et_pb_column _builder_version=&#8221;4.24.2&#8243; _module_preset=&#8221;default&#8221; type=&#8221;2_5&#8243; theme_builder_area=&#8221;post_content&#8221;][et_pb_gallery _builder_version=&#8221;4.24.2&#8243; _module_preset=&#8221;default&#8221; theme_builder_area=&#8221;post_content&#8221; posts_number=&#8221;1&#8243; hover_enabled=&#8221;0&#8243; sticky_enabled=&#8221;0&#8243; show_title_and_caption=&#8221;off&#8221; show_pagination=&#8221;off&#8221; gallery_ids=&#8221;408&#8243;][\/et_pb_gallery][\/et_pb_column][et_pb_column _builder_version=&#8221;4.24.2&#8243; _module_preset=&#8221;default&#8221; type=&#8221;3_5&#8243; theme_builder_area=&#8221;post_content&#8221;][et_pb_heading title=&#8221;EXPANDA COM MEZANINOS EM A\u00c7O&#8221; _builder_version=&#8221;4.24.2&#8243; _module_preset=&#8221;default&#8221; theme_builder_area=&#8221;post_content&#8221; hover_enabled=&#8221;0&#8243; sticky_enabled=&#8221;0&#8243; title_text_align=&#8221;center&#8221; title_text_color=&#8221;#FFFFFF&#8221; title_font=&#8221;|700|||||||&#8221;][\/et_pb_heading][et_pb_text _builder_version=&#8221;4.24.2&#8243; _module_preset=&#8221;default&#8221; theme_builder_area=&#8221;post_content&#8221; hover_enabled=&#8221;0&#8243; sticky_enabled=&#8221;0&#8243; header_text_color=&#8221;#FFFFFF&#8221; text_text_color=&#8221;#FFFFFF&#8221;]<\/p>\n<p><strong data-start=\"222\" data-end=\"293\">A solu\u00e7\u00e3o ideal para ganhar espa\u00e7o \u00fatil com agilidade e efici\u00eancia.<\/strong><br data-start=\"293\" data-end=\"296\" \/>Projetamos e instalamos mezaninos met\u00e1licos com estrutura leve, resistente e adaptada ao seu ambiente. Excelente op\u00e7\u00e3o para ampliar \u00e1reas de estoque, escrit\u00f3rios ou circula\u00e7\u00e3o sem precisar expandir a constru\u00e7\u00e3o. Montagem r\u00e1pida, obra limpa e desempenho t\u00e9cnico garantido.<\/p>\n<p>[\/et_pb_text][\/et_pb_column][\/et_pb_row][\/et_pb_section][et_pb_section fb_built=&#8221;1&#8243; specialty=&#8221;on&#8221; disabled_on=&#8221;on|on|off&#8221; _builder_version=&#8221;4.24.2&#8243; _module_preset=&#8221;default&#8221; background_color=&#8221;#E09900&#8243; use_background_color_gradient=&#8221;on&#8221; background_color_gradient_type=&#8221;circular&#8221; background_color_gradient_stops=&#8221;rgba(0,0,0,0.56) 65%|#29c4a9 100%&#8221; background_image=&#8221;https:\/\/comfer-empreendimentos.com.br\/wp-content\/uploads\/2025\/11\/20250122_1735010.jpg&#8221; background_size=&#8221;custom&#8221; background_image_width=&#8221;44%&#8221; background_image_height=&#8221;201%&#8221; background_position=&#8221;center_left&#8221; background_horizontal_offset=&#8221;-3%&#8221; min_height=&#8221;323.9px&#8221; custom_padding=&#8221;||130px|||&#8221; animation_style=&#8221;flip&#8221; global_colors_info=&#8221;{}&#8221;][et_pb_column type=&#8221;1_2&#8243; _builder_version=&#8221;4.16&#8243; custom_padding=&#8221;|||&#8221; global_colors_info=&#8221;{}&#8221; custom_padding__hover=&#8221;|||&#8221;][\/et_pb_column][et_pb_column type=&#8221;1_2&#8243; specialty_columns=&#8221;2&#8243; _builder_version=&#8221;4.16&#8243; custom_padding=&#8221;|||&#8221; global_colors_info=&#8221;{}&#8221; custom_padding__hover=&#8221;|||&#8221;][et_pb_row_inner _builder_version=&#8221;4.24.2&#8243; _module_preset=&#8221;default&#8221; custom_margin=&#8221;|0px|||false|false&#8221; custom_padding=&#8221;|0px||0px|false|true&#8221; global_colors_info=&#8221;{}&#8221;][et_pb_column_inner saved_specialty_column_type=&#8221;1_2&#8243; _builder_version=&#8221;4.24.2&#8243; _module_preset=&#8221;default&#8221; global_colors_info=&#8221;{}&#8221;][et_pb_heading title=&#8221;GALP\u00d5ES MET\u00c1LICOS SOB MEDIDA&#8221; _builder_version=&#8221;4.24.2&#8243; _module_preset=&#8221;default&#8221; title_font=&#8221;|700|||||||&#8221; title_font_size=&#8221;29px&#8221; transform_translate=&#8221;-31px|-8px&#8221; width=&#8221;99.4%&#8221; global_colors_info=&#8221;{}&#8221;][\/et_pb_heading][et_pb_text _builder_version=&#8221;4.24.2&#8243; _module_preset=&#8221;default&#8221; text_font=&#8221;|600|||||||&#8221; text_text_color=&#8221;#000000&#8243; header_font=&#8221;|700|||||||&#8221; header_text_color=&#8221;#EDF000&#8243; transform_translate=&#8221;-26px|-20px&#8221; hover_enabled=&#8221;0&#8243; global_colors_info=&#8221;{}&#8221; sticky_enabled=&#8221;0&#8243;]<\/p>\n<p><strong data-start=\"160\" data-end=\"253\">Projetamos, fabricamos e montamos galp\u00f5es met\u00e1licos personalizados para cada necessidade.<\/strong><br data-start=\"253\" data-end=\"256\" \/>Com agilidade, precis\u00e3o e qualidade t\u00e9cnica, entregamos estruturas resistentes e adaptadas ao seu espa\u00e7o, uso e prazo. Tudo com acompanhamento profissional em cada etapa.<\/p>\n<p>[\/et_pb_text][et_pb_button button_url=&#8221;#et_pb_contact_form_0&#8243; button_text=&#8221;FALE COM UM ESPECIALISTA&#8221; _builder_version=&#8221;4.24.2&#8243; _module_preset=&#8221;default&#8221; custom_button=&#8221;on&#8221; button_text_color=&#8221;#FFFFFF&#8221; button_bg_color=&#8221;#0C71C3&#8243; button_border_color=&#8221;RGBA(255,255,255,0)&#8221; button_on_hover=&#8221;off&#8221; transform_translate=&#8221;-28px|-26px&#8221; global_colors_info=&#8221;{}&#8221;][\/et_pb_button][\/et_pb_column_inner][\/et_pb_row_inner][\/et_pb_column][\/et_pb_section][et_pb_section fb_built=&#8221;1&#8243; specialty=&#8221;on&#8221; disabled_on=&#8221;on|on|off&#8221; _builder_version=&#8221;4.24.2&#8243; _module_preset=&#8221;default&#8221; background_color=&#8221;#FFFFFF&#8221; use_background_color_gradient=&#8221;on&#8221; background_color_gradient_type=&#8221;circular&#8221; background_color_gradient_stops=&#8221;rgba(0,0,0,0.56) 65%|#29c4a9 100%&#8221; background_image=&#8221;https:\/\/comfer-empreendimentos.com.br\/wp-content\/uploads\/2024\/03\/DSC06527-2.jpg&#8221; background_size=&#8221;custom&#8221; background_image_width=&#8221;48%&#8221; background_image_height=&#8221;101%&#8221; background_position=&#8221;center_right&#8221; background_horizontal_offset=&#8221;-3%&#8221; min_height=&#8221;103.9px&#8221; global_colors_info=&#8221;{}&#8221;][et_pb_column type=&#8221;1_2&#8243; _builder_version=&#8221;4.16&#8243; custom_padding=&#8221;|||&#8221; global_colors_info=&#8221;{}&#8221; custom_padding__hover=&#8221;|||&#8221;][\/et_pb_column][et_pb_column type=&#8221;1_2&#8243; specialty_columns=&#8221;2&#8243; _builder_version=&#8221;4.16&#8243; custom_padding=&#8221;|||&#8221; global_colors_info=&#8221;{}&#8221; custom_padding__hover=&#8221;|||&#8221;][et_pb_row_inner _builder_version=&#8221;4.24.2&#8243; _module_preset=&#8221;default&#8221; transform_translate=&#8221;-548px|4px&#8221; transform_translate_linked=&#8221;off&#8221; custom_margin=&#8221;|0px|||false|false&#8221; custom_padding=&#8221;|0px||0px|false|true&#8221; global_colors_info=&#8221;{}&#8221;][et_pb_column_inner saved_specialty_column_type=&#8221;1_2&#8243; _builder_version=&#8221;4.24.2&#8243; _module_preset=&#8221;default&#8221; global_colors_info=&#8221;{}&#8221;][et_pb_heading title=&#8221;PR\u00c9DIOS MET\u00c1LICOS PERSONALIZADOS&#8221; _builder_version=&#8221;4.24.2&#8243; _module_preset=&#8221;default&#8221; title_font=&#8221;|700|||||||&#8221; title_font_size=&#8221;29px&#8221; transform_translate=&#8221;-31px|-8px&#8221; width=&#8221;100%&#8221; global_colors_info=&#8221;{}&#8221;][\/et_pb_heading][et_pb_text _builder_version=&#8221;4.24.2&#8243; _module_preset=&#8221;default&#8221; text_font=&#8221;|600|||||||&#8221; text_text_color=&#8221;#000000&#8243; header_font=&#8221;|700|||||||&#8221; header_text_color=&#8221;#EDF000&#8243; transform_translate=&#8221;-26px|-20px&#8221; global_colors_info=&#8221;{}&#8221;]<\/p>\n<p><strong data-start=\"195\" data-end=\"281\">Tecnologia, rapidez e efici\u00eancia na constru\u00e7\u00e3o de edif\u00edcios em estrutura met\u00e1lica.<\/strong><br data-start=\"281\" data-end=\"284\" \/>Projetamos, fabricamos e executamos obras verticais sob medida, com estruturas otimizadas, montagem limpa e cronograma acelerado. Ideal para quem busca agilidade sem abrir m\u00e3o da qualidade e seguran\u00e7a.<\/p>\n<p>[\/et_pb_text][et_pb_button button_url=&#8221;#et_pb_contact_form_0&#8243; button_text=&#8221;FALE COM UM ESPECIALISTA&#8221; _builder_version=&#8221;4.24.2&#8243; _module_preset=&#8221;default&#8221; custom_button=&#8221;on&#8221; button_text_color=&#8221;#000000&#8243; button_bg_color=&#8221;#E09900&#8243; button_border_color=&#8221;RGBA(255,255,255,0)&#8221; button_on_hover=&#8221;off&#8221; transform_translate=&#8221;-28px|-26px&#8221; global_colors_info=&#8221;{}&#8221;][\/et_pb_button][\/et_pb_column_inner][\/et_pb_row_inner][\/et_pb_column][\/et_pb_section][et_pb_section fb_built=&#8221;1&#8243; specialty=&#8221;on&#8221; disabled_on=&#8221;on|on|off&#8221; _builder_version=&#8221;4.24.2&#8243; _module_preset=&#8221;default&#8221; background_color=&#8221;#E09900&#8243; use_background_color_gradient=&#8221;on&#8221; background_color_gradient_type=&#8221;circular&#8221; background_color_gradient_stops=&#8221;rgba(0,0,0,0.56) 65%|#29c4a9 100%&#8221; background_image=&#8221;https:\/\/comfer-empreendimentos.com.br\/wp-content\/uploads\/2024\/04\/20141027_084945-001-scaled.jpg&#8221; background_size=&#8221;custom&#8221; background_image_width=&#8221;44%&#8221; background_image_height=&#8221;138%&#8221; background_position=&#8221;center_left&#8221; background_horizontal_offset=&#8221;-3%&#8221; min_height=&#8221;442.9px&#8221; animation_style=&#8221;flip&#8221; global_colors_info=&#8221;{}&#8221;][et_pb_column type=&#8221;1_2&#8243; _builder_version=&#8221;4.16&#8243; custom_padding=&#8221;|||&#8221; global_colors_info=&#8221;{}&#8221; custom_padding__hover=&#8221;|||&#8221;][\/et_pb_column][et_pb_column type=&#8221;1_2&#8243; specialty_columns=&#8221;2&#8243; _builder_version=&#8221;4.16&#8243; custom_padding=&#8221;|||&#8221; global_colors_info=&#8221;{}&#8221; custom_padding__hover=&#8221;|||&#8221;][et_pb_row_inner _builder_version=&#8221;4.24.2&#8243; _module_preset=&#8221;default&#8221; custom_margin=&#8221;|0px|||false|false&#8221; custom_padding=&#8221;|0px||0px|false|true&#8221; global_colors_info=&#8221;{}&#8221;][et_pb_column_inner saved_specialty_column_type=&#8221;1_2&#8243; _builder_version=&#8221;4.24.2&#8243; _module_preset=&#8221;default&#8221; global_colors_info=&#8221;{}&#8221;][et_pb_heading title=&#8221;SOLU\u00c7\u00d5ES EM COBERTURAS MET\u00c1LICAS&#8221; _builder_version=&#8221;4.24.2&#8243; _module_preset=&#8221;default&#8221; title_font=&#8221;|700|||||||&#8221; title_font_size=&#8221;29px&#8221; transform_translate=&#8221;-31px|-8px&#8221; width=&#8221;99.4%&#8221; global_colors_info=&#8221;{}&#8221;][\/et_pb_heading][et_pb_text _builder_version=&#8221;4.24.2&#8243; _module_preset=&#8221;default&#8221; text_font=&#8221;|600|||||||&#8221; text_text_color=&#8221;#000000&#8243; header_font=&#8221;|700|||||||&#8221; header_text_color=&#8221;#EDF000&#8243; transform_translate=&#8221;-26px|-20px&#8221; global_colors_info=&#8221;{}&#8221; custom_padding=&#8221;||1px|||&#8221;]<\/p>\n<p><strong>Oferecemos solu\u00e7\u00f5es adaptadas ao seu espa\u00e7o com montagem r\u00e1pida, acabamento de qualidade e estrutura robusta para os mais diversos usos.<\/strong><\/p>\n<p>[\/et_pb_text][et_pb_button button_url=&#8221;#et_pb_contact_form_0&#8243; button_text=&#8221;FALE COM UM ESPECIALISTA&#8221; _builder_version=&#8221;4.24.2&#8243; _module_preset=&#8221;default&#8221; custom_button=&#8221;on&#8221; button_text_color=&#8221;#FFFFFF&#8221; button_bg_color=&#8221;#0C71C3&#8243; button_border_color=&#8221;RGBA(255,255,255,0)&#8221; button_on_hover=&#8221;off&#8221; transform_translate=&#8221;-28px|-26px&#8221; hover_enabled=&#8221;0&#8243; global_colors_info=&#8221;{}&#8221; sticky_enabled=&#8221;0&#8243;][\/et_pb_button][\/et_pb_column_inner][\/et_pb_row_inner][\/et_pb_column][\/et_pb_section][et_pb_section fb_built=&#8221;1&#8243; specialty=&#8221;on&#8221; disabled_on=&#8221;on|on|off&#8221; _builder_version=&#8221;4.24.2&#8243; _module_preset=&#8221;default&#8221; background_color=&#8221;#FFFFFF&#8221; use_background_color_gradient=&#8221;on&#8221; background_color_gradient_type=&#8221;circular&#8221; background_color_gradient_stops=&#8221;rgba(0,0,0,0.56) 65%|#29c4a9 100%&#8221; background_image=&#8221;https:\/\/comfer-empreendimentos.com.br\/wp-content\/uploads\/2024\/03\/IMG_20210225_140102737-scaled.jpg&#8221; background_size=&#8221;custom&#8221; background_image_width=&#8221;48%&#8221; background_image_height=&#8221;101%&#8221; background_position=&#8221;center_right&#8221; background_horizontal_offset=&#8221;-3%&#8221; min_height=&#8221;355.9px&#8221; global_colors_info=&#8221;{}&#8221;][et_pb_column type=&#8221;1_2&#8243; _builder_version=&#8221;4.16&#8243; custom_padding=&#8221;|||&#8221; global_colors_info=&#8221;{}&#8221; custom_padding__hover=&#8221;|||&#8221;][\/et_pb_column][et_pb_column type=&#8221;1_2&#8243; specialty_columns=&#8221;2&#8243; _builder_version=&#8221;4.16&#8243; custom_padding=&#8221;|||&#8221; global_colors_info=&#8221;{}&#8221; custom_padding__hover=&#8221;|||&#8221;][et_pb_row_inner _builder_version=&#8221;4.24.2&#8243; _module_preset=&#8221;default&#8221; transform_translate=&#8221;-548px|4px&#8221; transform_translate_linked=&#8221;off&#8221; custom_margin=&#8221;|0px|||false|false&#8221; custom_padding=&#8221;|0px||0px|false|true&#8221; global_colors_info=&#8221;{}&#8221;][et_pb_column_inner saved_specialty_column_type=&#8221;1_2&#8243; _builder_version=&#8221;4.24.2&#8243; _module_preset=&#8221;default&#8221; global_colors_info=&#8221;{}&#8221;][et_pb_heading title=&#8221;EXPANDA COM MEZANINOS EM A\u00c7O&#8221; _builder_version=&#8221;4.24.2&#8243; _module_preset=&#8221;default&#8221; title_font=&#8221;|700|||||||&#8221; title_font_size=&#8221;29px&#8221; transform_translate=&#8221;-31px|-8px&#8221; width=&#8221;100%&#8221; global_colors_info=&#8221;{}&#8221;][\/et_pb_heading][et_pb_text _builder_version=&#8221;4.24.2&#8243; _module_preset=&#8221;default&#8221; text_font=&#8221;|600|||||||&#8221; text_text_color=&#8221;#000000&#8243; header_font=&#8221;|700|||||||&#8221; header_text_color=&#8221;#EDF000&#8243; transform_translate=&#8221;-26px|-20px&#8221; global_colors_info=&#8221;{}&#8221;]<\/p>\n<p><strong data-start=\"222\" data-end=\"293\">A solu\u00e7\u00e3o ideal para ganhar espa\u00e7o \u00fatil com agilidade e efici\u00eancia.<\/strong><br data-start=\"293\" data-end=\"296\" \/>Projetamos e instalamos mezaninos met\u00e1licos com estrutura leve, resistente e adaptada ao seu ambiente. Excelente op\u00e7\u00e3o para ampliar \u00e1reas de estoque, escrit\u00f3rios ou circula\u00e7\u00e3o sem precisar expandir a constru\u00e7\u00e3o. Montagem r\u00e1pida, obra limpa e desempenho t\u00e9cnico garantido.<\/p>\n<p>[\/et_pb_text][et_pb_button button_url=&#8221;#et_pb_contact_form_0&#8243; button_text=&#8221;FALE COM UM ESPECIALISTA&#8221; _builder_version=&#8221;4.24.2&#8243; _module_preset=&#8221;default&#8221; custom_button=&#8221;on&#8221; button_text_color=&#8221;#000000&#8243; button_bg_color=&#8221;#E09900&#8243; button_border_color=&#8221;RGBA(255,255,255,0)&#8221; button_on_hover=&#8221;off&#8221; transform_translate=&#8221;-28px|-26px&#8221; global_colors_info=&#8221;{}&#8221;][\/et_pb_button][\/et_pb_column_inner][\/et_pb_row_inner][\/et_pb_column][\/et_pb_section][et_pb_section fb_built=&#8221;1&#8243; admin_label=&#8221;Hero&#8221; _builder_version=&#8221;4.24.2&#8243; use_background_color_gradient=&#8221;on&#8221; background_color_gradient_type=&#8221;circular&#8221; background_color_gradient_direction_radial=&#8221;top left&#8221; background_color_gradient_stops=&#8221;rgba(40,40,40,0.79) 0%|rgba(40,40,40,0.49) 100%&#8221; background_color_gradient_overlays_image=&#8221;on&#8221; background_color_gradient_start=&#8221;rgba(40,40,40,0.79)&#8221; background_color_gradient_end=&#8221;rgba(40,40,40,0.86)&#8221; background_image=&#8221;https:\/\/comfer-empreendimentos.com.br\/wp-content\/uploads\/2024\/04\/20141027_081547.jpg&#8221; custom_margin=&#8221;||||false&#8221; custom_padding=&#8221;0vw||0vw||true|false&#8221; global_colors_info=&#8221;{}&#8221;][et_pb_row _builder_version=&#8221;4.24.2&#8243; custom_padding=&#8221;||169px|||&#8221; global_colors_info=&#8221;{}&#8221;][et_pb_column type=&#8221;4_4&#8243; _builder_version=&#8221;4.16&#8243; custom_padding=&#8221;|||&#8221; global_colors_info=&#8221;{}&#8221; custom_padding__hover=&#8221;|||&#8221;][et_pb_divider color=&#8221;#ffb400&#8243; divider_position=&#8221;center&#8221; divider_weight=&#8221;5px&#8221; _builder_version=&#8221;4.16&#8243; max_width=&#8221;50px&#8221; module_alignment=&#8221;center&#8221; locked=&#8221;off&#8221; global_colors_info=&#8221;{}&#8221;][\/et_pb_divider][et_pb_text module_id=&#8221;quemSomos&#8221; _builder_version=&#8221;4.16&#8243; text_font=&#8221;||||||||&#8221; header_font=&#8221;Rubik|700|||||||&#8221; header_font_size=&#8221;64px&#8221; header_line_height=&#8221;1.1em&#8221; text_orientation=&#8221;center&#8221; background_layout=&#8221;dark&#8221; max_width=&#8221;800px&#8221; module_alignment=&#8221;center&#8221; custom_margin=&#8221;|15px|0px|||&#8221; custom_padding=&#8221;|||16px&#8221; text_font_size_tablet=&#8221;14px&#8221; text_font_size_last_edited=&#8221;off|desktop&#8221; header_font_size_tablet=&#8221;44px&#8221; header_font_size_phone=&#8221;32px&#8221; header_font_size_last_edited=&#8221;on|phone&#8221; global_colors_info=&#8221;{}&#8221;]<\/p>\n<h1>Quem somos<\/h1>\n<p>[\/et_pb_text][et_pb_text _builder_version=&#8221;4.24.2&#8243; _module_preset=&#8221;default&#8221; text_text_color=&#8221;#FFFFFF&#8221; text_font_size=&#8221;20px&#8221; custom_margin=&#8221;39px|||||&#8221; custom_padding=&#8221;||0px|||&#8221; global_colors_info=&#8221;{}&#8221;]<\/p>\n<p style=\"text-align: center;\">A COMFER Empreendimentos \u00e9 sin\u00f4nimo de solidez e efici\u00eancia na constru\u00e7\u00e3o civil do Sul Fluminense. Sediada em Pinheiral &#8211; RJ, nossa empresa nasceu com a miss\u00e3o de transformar projetos complexos em realidade, oferecendo solu\u00e7\u00f5es de engenharia que unem t\u00e9cnica apurada e compromisso com prazos.<\/p>\n<p style=\"text-align: center;\">Somos especialistas na execu\u00e7\u00e3o de obras que exigem precis\u00e3o, com destaque para nossa expertise em <b>estruturas met\u00e1licas<\/b>, atendendo desde demandas residenciais personalizadas at\u00e9 grandes projetos comerciais e industriais.<\/p>\n<p style=\"text-align: center;\">Nosso compromisso vai al\u00e9m da entrega da obra; focamos na seguran\u00e7a, na durabilidade e na satisfa\u00e7\u00e3o total de nossos clientes, garantindo que cada empreendimento leve a marca da qualidade COMFER.<\/p>\n<p>[\/et_pb_text][et_pb_button button_url=&#8221;#et_pb_contact_form_0&#8243; button_text=&#8221;Fale com um Especialista&#8221; button_alignment=&#8221;center&#8221; _builder_version=&#8221;4.24.2&#8243; _module_preset=&#8221;default&#8221; custom_button=&#8221;on&#8221; button_text_size=&#8221;19px&#8221; button_text_color=&#8221;#FFFFFF&#8221; button_bg_color=&#8221;#E09900&#8243; button_border_color=&#8221;#06087c&#8221; button_font=&#8221;||||||||&#8221; button_use_icon=&#8221;off&#8221; global_colors_info=&#8221;{}&#8221;][\/et_pb_button][\/et_pb_column][\/et_pb_row][\/et_pb_section][et_pb_section fb_built=&#8221;1&#8243; theme_builder_area=&#8221;post_content&#8221; _builder_version=&#8221;4.24.2&#8243; _module_preset=&#8221;default&#8221; disabled_on=&#8221;off|on|on&#8221; hover_enabled=&#8221;0&#8243; sticky_enabled=&#8221;0&#8243;][et_pb_row _builder_version=&#8221;4.24.2&#8243; _module_preset=&#8221;default&#8221; theme_builder_area=&#8221;post_content&#8221;][et_pb_column _builder_version=&#8221;4.24.2&#8243; _module_preset=&#8221;default&#8221; type=&#8221;4_4&#8243; theme_builder_area=&#8221;post_content&#8221;][et_pb_heading title=&#8221;CONHE\u00c7A NOSSA METODOLOGIA DE TRABALHO&#8221; _builder_version=&#8221;4.24.2&#8243; _module_preset=&#8221;default&#8221; theme_builder_area=&#8221;post_content&#8221; title_text_align=&#8221;center&#8221; title_text_color=&#8221;#E09900&#8243; title_font=&#8221;|700|||||||&#8221; hover_enabled=&#8221;0&#8243; sticky_enabled=&#8221;0&#8243;][\/et_pb_heading][\/et_pb_column][\/et_pb_row][et_pb_row _builder_version=&#8221;4.24.2&#8243; _module_preset=&#8221;default&#8221; theme_builder_area=&#8221;post_content&#8221;][et_pb_column _builder_version=&#8221;4.24.2&#8243; _module_preset=&#8221;default&#8221; type=&#8221;4_4&#8243; theme_builder_area=&#8221;post_content&#8221;][et_pb_image src=&#8221;https:\/\/comfer-empreendimentos.com.br\/wp-content\/uploads\/2025\/11\/apresentacao-COMFER-Empreendimentos-rev-1.pdf-2.png&#8221; _builder_version=&#8221;4.24.2&#8243; _module_preset=&#8221;default&#8221; theme_builder_area=&#8221;post_content&#8221; title_text=&#8221;apresenta\u00e7\u00e3o COMFER Empreendimentos rev 1.pdf (2)&#8221; hover_enabled=&#8221;0&#8243; sticky_enabled=&#8221;0&#8243; transform_scale=&#8221;113%|113%&#8221;][\/et_pb_image][et_pb_button button_text=&#8221;Solicite seu Or\u00e7amento Gratuito&#8221; _builder_version=&#8221;4.24.2&#8243; _module_preset=&#8221;default&#8221; theme_builder_area=&#8221;post_content&#8221; button_alignment=&#8221;center&#8221; hover_enabled=&#8221;0&#8243; sticky_enabled=&#8221;0&#8243; button_url=&#8221;#et_pb_contact_form_0&#8243; custom_button=&#8221;on&#8221; button_text_color=&#8221;#E09900&#8243; button_bg_color=&#8221;#FFFFFF&#8221; button_bg_enable_color=&#8221;on&#8221; button_font=&#8221;|700|||||||&#8221; button_icon=&#8221;&#x3d;||divi||400&#8243; button_icon_color=&#8221;#0C71C3&#8243;][\/et_pb_button][\/et_pb_column][\/et_pb_row][\/et_pb_section][et_pb_section fb_built=&#8221;1&#8243; _builder_version=&#8221;4.16&#8243; _module_preset=&#8221;default&#8221; background_color=&#8221;#000000&#8243; custom_padding=&#8221;11px||0px|||&#8221; global_colors_info=&#8221;{}&#8221;][et_pb_row _builder_version=&#8221;4.16&#8243; _module_preset=&#8221;default&#8221; custom_padding=&#8221;0px||7px|||&#8221; global_colors_info=&#8221;{}&#8221;][et_pb_column type=&#8221;4_4&#8243; _builder_version=&#8221;4.16&#8243; _module_preset=&#8221;default&#8221; global_colors_info=&#8221;{}&#8221;][et_pb_text _builder_version=&#8221;4.16&#8243; _dynamic_attributes=&#8221;content&#8221; _module_preset=&#8221;default&#8221; text_font=&#8221;|700|||||||&#8221; text_text_color=&#8221;rgba(255,255,255,0.45)&#8221; text_orientation=&#8221;center&#8221; custom_margin=&#8221;||6px|||&#8221; custom_padding=&#8221;||0px|||&#8221; global_colors_info=&#8221;{}&#8221;]@ET-DC@eyJkeW5hbWljIjp0cnVlLCJjb250ZW50IjoiY3VycmVudF9kYXRlIiwic2V0dGluZ3MiOnsiYmVmb3JlIjoiIiwiYWZ0ZXIiOiIgfCBDb21mZXIgRW1wcmVlbmRpbWVudG9zIiwiZGF0ZV9mb3JtYXQiOiJjdXN0b20iLCJjdXN0b21fZGF0ZV9mb3JtYXQiOiJZIn19@[\/et_pb_text][et_pb_text _builder_version=&#8221;4.16&#8243; _module_preset=&#8221;default&#8221; text_font=&#8221;|700|||||||&#8221; text_font_size=&#8221;15px&#8221; custom_padding=&#8221;0px|||||&#8221; global_colors_info=&#8221;{}&#8221;]<\/p>\n<p style=\"text-align: center;\">\u00a9 Todos os direitos reservados<\/p>\n<p>[\/et_pb_text][\/et_pb_column][\/et_pb_row][\/et_pb_section]<\/p>\n","protected":false},"excerpt":{"rendered":"<p>+ de 30 anos contruindo hist\u00f3rias\u00a0Somos especialistas em projetos e execu\u00e7\u00e3o de obras com estruturas met\u00e1licas e constru\u00e7\u00e3o civil mista. \u00a0Preencha o formul\u00e1rio e nossa equipe t\u00e9cnica entrar\u00e1 em contato com voc\u00ea.+ de 30 anos contruindo hist\u00f3riasSomos especialistas em projetos e execu\u00e7\u00e3o de obras com estruturas met\u00e1licas e constru\u00e7\u00e3o civil mista. Preencha o formul\u00e1rio e [&hellip;]<\/p>\n","protected":false},"author":1,"featured_media":0,"parent":0,"menu_order":0,"comment_status":"closed","ping_status":"closed","template":"","meta":{"_et_pb_use_builder":"on","_et_pb_old_content":"","_et_gb_content_width":"","_joinchat":{"view":"no"},"footnotes":""},"class_list":["post-5466","page","type-page","status-publish","hentry"],"_links":{"self":[{"href":"https:\/\/comfer-empreendimentos.com.br\/index.php\/wp-json\/wp\/v2\/pages\/5466","targetHints":{"allow":["GET"]}}],"collection":[{"href":"https:\/\/comfer-empreendimentos.com.br\/index.php\/wp-json\/wp\/v2\/pages"}],"about":[{"href":"https:\/\/comfer-empreendimentos.com.br\/index.php\/wp-json\/wp\/v2\/types\/page"}],"author":[{"embeddable":true,"href":"https:\/\/comfer-empreendimentos.com.br\/index.php\/wp-json\/wp\/v2\/users\/1"}],"replies":[{"embeddable":true,"href":"https:\/\/comfer-empreendimentos.com.br\/index.php\/wp-json\/wp\/v2\/comments?post=5466"}],"version-history":[{"count":61,"href":"https:\/\/comfer-empreendimentos.com.br\/index.php\/wp-json\/wp\/v2\/pages\/5466\/revisions"}],"predecessor-version":[{"id":5591,"href":"https:\/\/comfer-empreendimentos.com.br\/index.php\/wp-json\/wp\/v2\/pages\/5466\/revisions\/5591"}],"wp:attachment":[{"href":"https:\/\/comfer-empreendimentos.com.br\/index.php\/wp-json\/wp\/v2\/media?parent=5466"}],"curies":[{"name":"wp","href":"https:\/\/api.w.org\/{rel}","templated":true}]}}